{"id":363,"date":"2016-01-26T15:32:00","date_gmt":"2016-01-26T14:32:00","guid":{"rendered":"https:\/\/www2.bibelgemeinde-fulda.de\/?page_id=363"},"modified":"2022-12-10T17:16:16","modified_gmt":"2022-12-10T16:16:16","slug":"impressum","status":"publish","type":"page","link":"https:\/\/www.bibelgemeinde-fulda.de\/?page_id=363","title":{"rendered":"Impressum"},"content":{"rendered":"<p>[et_pb_section fb_built=&#8220;1&#8243; fullwidth=&#8220;on&#8220; custom_padding_last_edited=&#8220;on|desktop&#8220; disabled_on=&#8220;on|off|&#8220; _builder_version=&#8220;3.22&#8243; custom_padding_tablet=&#8220;50px|0|50px|0&#8243; custom_padding_phone=&#8220;&#8220; transparent_background=&#8220;off&#8220; padding_mobile=&#8220;off&#8220; make_fullwidth=&#8220;off&#8220; use_custom_width=&#8220;off&#8220; width_unit=&#8220;on&#8220; global_module=&#8220;290&#8243;][et_pb_fullwidth_slider show_pagination=&#8220;off&#8220; _builder_version=&#8220;3.16&#8243; custom_padding=&#8220;|||&#8220; custom_padding_tablet=&#8220;|||&#8220; custom_padding_phone=&#8220;|||&#8220; auto=&#8220;on&#8220; auto_speed=&#8220;10000&#8243; auto_ignore_hover=&#8220;on&#8220; box_shadow_style=&#8220;preset6&#8243; box_shadow_blur=&#8220;10px&#8220; box_shadow_color=&#8220;rgba(0,0,0,0.1)&#8220; remove_inner_shadow=&#8220;off&#8220; hide_content_on_mobile=&#8220;off&#8220; hide_cta_on_mobile=&#8220;off&#8220; show_inner_shadow=&#8220;on&#8220; button_letter_spacing_hover=&#8220;0&#8243; button_text_size__hover_enabled=&#8220;off&#8220; button_one_text_size__hover_enabled=&#8220;off&#8220; button_two_text_size__hover_enabled=&#8220;off&#8220; button_text_color__hover_enabled=&#8220;off&#8220; button_one_text_color__hover_enabled=&#8220;off&#8220; button_two_text_color__hover_enabled=&#8220;off&#8220; button_border_width__hover_enabled=&#8220;off&#8220; button_one_border_width__hover_enabled=&#8220;off&#8220; button_two_border_width__hover_enabled=&#8220;off&#8220; button_border_color__hover_enabled=&#8220;off&#8220; button_one_border_color__hover_enabled=&#8220;off&#8220; button_two_border_color__hover_enabled=&#8220;off&#8220; button_border_radius__hover_enabled=&#8220;off&#8220; button_one_border_radius__hover_enabled=&#8220;off&#8220; button_two_border_radius__hover_enabled=&#8220;off&#8220; button_letter_spacing__hover_enabled=&#8220;on&#8220; button_letter_spacing__hover=&#8220;0&#8243; button_one_letter_spacing__hover_enabled=&#8220;off&#8220; button_two_letter_spacing__hover_enabled=&#8220;off&#8220; button_bg_color__hover_enabled=&#8220;off&#8220; button_one_bg_color__hover_enabled=&#8220;off&#8220; button_two_bg_color__hover_enabled=&#8220;off&#8220;][et_pb_slide use_bg_overlay=&#8220;off&#8220; use_text_overlay=&#8220;off&#8220; admin_title=&#8220;Rebe&#8220; _builder_version=&#8220;3.16&#8243; header_font=&#8220;||||&#8220; body_font=&#8220;||||&#8220; background_color=&#8220;#ffffff&#8220; background_image=&#8220;https:\/\/www.bibelgemeinde-fulda.de\/wp-content\/uploads\/2015\/11\/20160528-Bild-Rebe.jpg&#8220; button_icon_placement=&#8220;right&#8220; button_on_hover=&#8220;on&#8220; button_text_size__hover_enabled=&#8220;off&#8220; button_one_text_size__hover_enabled=&#8220;off&#8220; button_two_text_size__hover_enabled=&#8220;off&#8220; button_text_color__hover_enabled=&#8220;off&#8220; button_one_text_color__hover_enabled=&#8220;off&#8220; button_two_text_color__hover_enabled=&#8220;off&#8220; button_border_width__hover_enabled=&#8220;off&#8220; button_one_border_width__hover_enabled=&#8220;off&#8220; button_two_border_width__hover_enabled=&#8220;off&#8220; button_border_color__hover_enabled=&#8220;off&#8220; button_one_border_color__hover_enabled=&#8220;off&#8220; button_two_border_color__hover_enabled=&#8220;off&#8220; button_border_radius__hover_enabled=&#8220;off&#8220; button_one_border_radius__hover_enabled=&#8220;off&#8220; button_two_border_radius__hover_enabled=&#8220;off&#8220; button_letter_spacing__hover_enabled=&#8220;off&#8220; button_one_letter_spacing__hover_enabled=&#8220;off&#8220; button_two_letter_spacing__hover_enabled=&#8220;off&#8220; button_bg_color__hover_enabled=&#8220;off&#8220; button_one_bg_color__hover_enabled=&#8220;off&#8220; button_two_bg_color__hover_enabled=&#8220;off&#8220;] [\/et_pb_slide][et_pb_slide use_bg_overlay=&#8220;off&#8220; use_text_overlay=&#8220;off&#8220; admin_title=&#8220;Herz&#8220; _builder_version=&#8220;3.16&#8243; header_font=&#8220;||||&#8220; body_font=&#8220;||||&#8220; background_color=&#8220;#ffffff&#8220; background_image=&#8220;https:\/\/www.bibelgemeinde-fulda.de\/wp-content\/uploads\/2015\/11\/Herz.jpg&#8220; button_icon_placement=&#8220;right&#8220; button_on_hover=&#8220;on&#8220; button_text_size__hover_enabled=&#8220;off&#8220; button_one_text_size__hover_enabled=&#8220;off&#8220; button_two_text_size__hover_enabled=&#8220;off&#8220; button_text_color__hover_enabled=&#8220;off&#8220; button_one_text_color__hover_enabled=&#8220;off&#8220; button_two_text_color__hover_enabled=&#8220;off&#8220; button_border_width__hover_enabled=&#8220;off&#8220; button_one_border_width__hover_enabled=&#8220;off&#8220; button_two_border_width__hover_enabled=&#8220;off&#8220; button_border_color__hover_enabled=&#8220;off&#8220; button_one_border_color__hover_enabled=&#8220;off&#8220; button_two_border_color__hover_enabled=&#8220;off&#8220; button_border_radius__hover_enabled=&#8220;off&#8220; button_one_border_radius__hover_enabled=&#8220;off&#8220; button_two_border_radius__hover_enabled=&#8220;off&#8220; button_letter_spacing__hover_enabled=&#8220;off&#8220; button_one_letter_spacing__hover_enabled=&#8220;off&#8220; button_two_letter_spacing__hover_enabled=&#8220;off&#8220; button_bg_color__hover_enabled=&#8220;off&#8220; button_one_bg_color__hover_enabled=&#8220;off&#8220; button_two_bg_color__hover_enabled=&#8220;off&#8220;] [\/et_pb_slide][\/et_pb_fullwidth_slider][\/et_pb_section][et_pb_section fb_built=&#8220;1&#8243; admin_label=&#8220;section&#8220; _builder_version=&#8220;3.22&#8243;][et_pb_row admin_label=&#8220;row&#8220; _builder_version=&#8220;3.25&#8243; background_size=&#8220;initial&#8220; background_position=&#8220;top_left&#8220; background_repeat=&#8220;repeat&#8220;][et_pb_column type=&#8220;4_4&#8243; _builder_version=&#8220;3.25&#8243; custom_padding=&#8220;|||&#8220; custom_padding__hover=&#8220;|||&#8220;][et_pb_text admin_label=&#8220;Text &#8211; \u00dcberschrift&#8220; _builder_version=&#8220;3.27.4&#8243; background_size=&#8220;initial&#8220; background_position=&#8220;top_left&#8220; background_repeat=&#8220;repeat&#8220; use_border_color=&#8220;off&#8220; border_color=&#8220;#ffffff&#8220; border_style=&#8220;solid&#8220;]<\/p>\n<h1>Impressum<\/h1>\n<p>[\/et_pb_text][et_pb_text admin_label=&#8220;Text &#8211; Kontaktinformation&#8220; _builder_version=&#8220;3.27.4&#8243; background_size=&#8220;initial&#8220; background_position=&#8220;top_left&#8220; background_repeat=&#8220;repeat&#8220; use_border_color=&#8220;off&#8220; border_color=&#8220;#ffffff&#8220; border_style=&#8220;solid&#8220;]<\/p>\n<h2>Kontaktinformation<\/h2>\n<p><strong>Bibelgemeinde Fulda<\/strong><br \/>\nKohlh\u00e4user Stra\u00dfe 3-5<br \/>\n36043 Fulda<\/p>\n<p><strong>Festnetz-Nummer:<\/strong> 0661\/9659843-1<br \/>\n<strong>FAX-Nummer:<\/strong> 0661\/9659843-2<br \/>\n<strong>E-Mail:<\/strong> in&#102;&#111;&#x40;&#x62;&#x69;&#x62;el&#103;&#101;&#x6d;&#x65;&#x69;&#x6e;de&#45;&#102;&#117;&#x6c;&#x64;&#x61;&#x2e;de<br \/>\n[\/et_pb_text][et_pb_text admin_label=&#8220;Text &#8211; Verantwortlichkeit&#8220; _builder_version=&#8220;4.4.8&#8243; background_size=&#8220;initial&#8220; background_position=&#8220;top_left&#8220; background_repeat=&#8220;repeat&#8220; hover_enabled=&#8220;0&#8243; use_border_color=&#8220;off&#8220;]<\/p>\n<h2>Verantwortlichkeit<\/h2>\n<p>Verantwortlich f\u00fcr den Inhalt ist die Bibelgemeinde Oase e.V.<\/p>\n<p><strong>Gemeindeleitung:<\/strong> Peter H\u00f6lzer, Gerhard R\u00f6chow, Paul Sawatzky, Benjamin Erler<\/p>\n<p>[\/et_pb_text][et_pb_text admin_label=&#8220;Text &#8211; Rechte&#8220; _builder_version=&#8220;3.27.4&#8243; background_size=&#8220;initial&#8220; background_position=&#8220;top_left&#8220; background_repeat=&#8220;repeat&#8220; use_border_color=&#8220;off&#8220; border_color=&#8220;#ffffff&#8220; border_style=&#8220;solid&#8220;]<\/p>\n<h2>Rechte<\/h2>\n<p>Falls nicht anders angegeben, liegen die Rechte f\u00fcr die Bilder bei der Bibelgemeinde Oase e.V. oder es handelt sich um Creative Common Zero Images. Es gelten die zurzeit \u00fcblichen Datenschutzbedingungen. Texte- oder Bilderdownloads sind genehmigungspflichtig.<br \/>\n[\/et_pb_text][et_pb_text admin_label=&#8220;Text &#8211; 1. Haftungsbeschr\u00e4nkung&#8220; _builder_version=&#8220;3.27.4&#8243; background_size=&#8220;initial&#8220; background_position=&#8220;top_left&#8220; background_repeat=&#8220;repeat&#8220; use_border_color=&#8220;off&#8220; border_color=&#8220;#ffffff&#8220; border_style=&#8220;solid&#8220;]<\/p>\n<h2>1. Haftungsbeschr\u00e4nkung<\/h2>\n<p>Die Inhalte dieser Website werden mit gr\u00f6\u00dftm\u00f6glicher Sorgfalt erstellt. F\u00fcr die Vollst\u00e4ndigkeit, Richtigkeit und Aktualit\u00e4t der Inhalte \u00fcbernimmt der Anbieter jedoch keine Gew\u00e4hr. Der Anbieter ist stets bem\u00fcht, die Inhalte der Seiten m\u00f6glichst unterbrechungsfrei zum Abruf anzubieten. Auch bei aller Sorgfalt k\u00f6nnen Ausfallzeiten nicht ausgeschlossen werden. Der Anbieter beh\u00e4lt sich das Recht vor, Teile der Seiten oder den gesamten Inhalt jederzeit zu \u00e4ndern oder die Ver\u00f6ffentlichung zeitweise oder endg\u00fcltig einzustellen.<br \/>\n[\/et_pb_text][et_pb_text admin_label=&#8220;Text &#8211; 2. Urheberrecht&#8220; _builder_version=&#8220;3.27.4&#8243; background_size=&#8220;initial&#8220; background_position=&#8220;top_left&#8220; background_repeat=&#8220;repeat&#8220; use_border_color=&#8220;off&#8220; border_color=&#8220;#ffffff&#8220; border_style=&#8220;solid&#8220;]<\/p>\n<h2>2. Urheberrecht<\/h2>\n<p>S\u00e4mtliche durch den Anbieter erstellten Inhalte und Werke auf diesen Seiten unterliegen dem deutschen Urheberrecht. Beitr\u00e4ge Dritter sind als solche gekennzeichnet. F\u00fcr die Vervielf\u00e4ltigung, Bearbeitung, Verarbeitung und jede Art der Verwertung au\u00dferhalb der Grenzen des Urheberrechts ist die schriftliche Zustimmung des Anbieters oder jeweiligen Rechtsinhabers notwendig. Downloads und Kopien dieser Seite sind nur f\u00fcr den privaten, nicht kommerziellen Gebrauch gestattet. Der Anbieter der Seiten ist stets bem\u00fcht, die Urheberrechte anderer zu beachten bzw. auf selbst erstellte sowie lizenzfreie Werke zur\u00fcckzugreifen.<br \/>\n[\/et_pb_text][et_pb_text admin_label=&#8220;Text &#8211; 3. Anwendbares Recht&#8220; _builder_version=&#8220;3.27.4&#8243; background_size=&#8220;initial&#8220; background_position=&#8220;top_left&#8220; background_repeat=&#8220;repeat&#8220; use_border_color=&#8220;off&#8220; border_color=&#8220;#ffffff&#8220; border_style=&#8220;solid&#8220;]<\/p>\n<h2>3. Anwendbares Recht<\/h2>\n<p>Es gilt ausschlie\u00dflich das ma\u00dfgebliche Recht der Bundesrepublik Deutschland.<br \/>\n[\/et_pb_text][\/et_pb_column][\/et_pb_row][\/et_pb_section]<\/p>\n","protected":false},"excerpt":{"rendered":"<p>[et_pb_section fb_built=&#8220;1&#8243; fullwidth=&#8220;on&#8220; custom_padding_last_edited=&#8220;on|desktop&#8220; disabled_on=&#8220;on|off|&#8220; _builder_version=&#8220;3.22&#8243; custom_padding_tablet=&#8220;50px|0|50px|0&#8243; custom_padding_phone=&#8220;&#8220; transparent_background=&#8220;off&#8220; padding_mobile=&#8220;off&#8220; make_fullwidth=&#8220;off&#8220; use_custom_width=&#8220;off&#8220; width_unit=&#8220;on&#8220; global_module=&#8220;290&#8243;][et_pb_fullwidth_slider show_pagination=&#8220;off&#8220; _builder_version=&#8220;3.16&#8243; custom_padding=&#8220;|||&#8220; custom_padding_tablet=&#8220;|||&#8220; custom_padding_phone=&#8220;|||&#8220; auto=&#8220;on&#8220; auto_speed=&#8220;10000&#8243; auto_ignore_hover=&#8220;on&#8220; box_shadow_style=&#8220;preset6&#8243; box_shadow_blur=&#8220;10px&#8220; box_shadow_color=&#8220;rgba(0,0,0,0.1)&#8220; remove_inner_shadow=&#8220;off&#8220; hide_content_on_mobile=&#8220;off&#8220; hide_cta_on_mobile=&#8220;off&#8220; show_inner_shadow=&#8220;on&#8220; button_letter_spacing_hover=&#8220;0&#8243; button_text_size__hover_enabled=&#8220;off&#8220; button_one_text_size__hover_enabled=&#8220;off&#8220; button_two_text_size__hover_enabled=&#8220;off&#8220; button_text_color__hover_enabled=&#8220;off&#8220; button_one_text_color__hover_enabled=&#8220;off&#8220; button_two_text_color__hover_enabled=&#8220;off&#8220; button_border_width__hover_enabled=&#8220;off&#8220; button_one_border_width__hover_enabled=&#8220;off&#8220; button_two_border_width__hover_enabled=&#8220;off&#8220; button_border_color__hover_enabled=&#8220;off&#8220; button_one_border_color__hover_enabled=&#8220;off&#8220; button_two_border_color__hover_enabled=&#8220;off&#8220; button_border_radius__hover_enabled=&#8220;off&#8220; button_one_border_radius__hover_enabled=&#8220;off&#8220; button_two_border_radius__hover_enabled=&#8220;off&#8220; button_letter_spacing__hover_enabled=&#8220;on&#8220; button_letter_spacing__hover=&#8220;0&#8243; button_one_letter_spacing__hover_enabled=&#8220;off&#8220; button_two_letter_spacing__hover_enabled=&#8220;off&#8220; button_bg_color__hover_enabled=&#8220;off&#8220; button_one_bg_color__hover_enabled=&#8220;off&#8220; button_two_bg_color__hover_enabled=&#8220;off&#8220;][et_pb_slide use_bg_overlay=&#8220;off&#8220; use_text_overlay=&#8220;off&#8220; admin_title=&#8220;Rebe&#8220; [&hellip;]<\/p>\n","protected":false},"author":1,"featured_media":0,"parent":2405,"menu_order":0,"comment_status":"closed","ping_status":"closed","template":"","meta":{"_et_pb_use_builder":"on","_et_pb_old_content":"","_et_gb_content_width":"","footnotes":""},"class_list":["post-363","page","type-page","status-publish","hentry"],"_links":{"self":[{"href":"https:\/\/www.bibelgemeinde-fulda.de\/index.php?rest_route=\/wp\/v2\/pages\/363","targetHints":{"allow":["GET"]}}],"collection":[{"href":"https:\/\/www.bibelgemeinde-fulda.de\/index.php?rest_route=\/wp\/v2\/pages"}],"about":[{"href":"https:\/\/www.bibelgemeinde-fulda.de\/index.php?rest_route=\/wp\/v2\/types\/page"}],"author":[{"embeddable":true,"href":"https:\/\/www.bibelgemeinde-fulda.de\/index.php?rest_route=\/wp\/v2\/users\/1"}],"replies":[{"embeddable":true,"href":"https:\/\/www.bibelgemeinde-fulda.de\/index.php?rest_route=%2Fwp%2Fv2%2Fcomments&post=363"}],"version-history":[{"count":15,"href":"https:\/\/www.bibelgemeinde-fulda.de\/index.php?rest_route=\/wp\/v2\/pages\/363\/revisions"}],"predecessor-version":[{"id":3123,"href":"https:\/\/www.bibelgemeinde-fulda.de\/index.php?rest_route=\/wp\/v2\/pages\/363\/revisions\/3123"}],"up":[{"embeddable":true,"href":"https:\/\/www.bibelgemeinde-fulda.de\/index.php?rest_route=\/wp\/v2\/pages\/2405"}],"wp:attachment":[{"href":"https:\/\/www.bibelgemeinde-fulda.de\/index.php?rest_route=%2Fwp%2Fv2%2Fmedia&parent=363"}],"curies":[{"name":"wp","href":"https:\/\/api.w.org\/{rel}","templated":true}]}}